{"id":62,"date":"2022-08-30T13:48:41","date_gmt":"2022-08-30T11:48:41","guid":{"rendered":"https:\/\/su-meschede.de\/?page_id=62"},"modified":"2024-05-17T09:59:36","modified_gmt":"2024-05-17T07:59:36","slug":"impressum","status":"publish","type":"page","link":"https:\/\/su-meschede.de\/willkommen\/impressum\/","title":{"rendered":"Impressum"},"content":{"rendered":"<p><strong>Angaben gem\u00e4\u00df \u00a7 5 Digitale-Dienste-Gesetz (DDG):<br \/>\n<\/strong><\/p>\n<p>Bodo Kirtz<br \/>\nVorsitzender<br \/>\nAn Klocken Kapelle 5<br \/>\n59872 Meschede<\/p>\n<p>&nbsp;<\/p>\n<p><strong>Vertreten durch: <\/strong><\/p>\n<p>Bodo Kirtz<\/p>\n<p><strong>Kontakt:<\/strong><\/p>\n<p>Telefon: +49 171 6076356<\/p>\n<p>E-Mail: <a href=\"mailto:1vors@su-meschede.de\"><strong>1vors@su-meschede.de<\/strong><\/a><\/p>\n<p><strong>Verantwortlich f\u00fcr den Inhalt nach \u00a7 55 Abs. 2 RStV:<\/strong><\/p>\n<p>Bodo Kirtz<br \/>\nVorsitzender<br \/>\nAn Klocken Kapelle 5<br \/>\n59872 Meschede<\/p>\n<p><strong>Haftungsausschluss: <\/strong><\/p>\n<p><strong>Haftung f\u00fcr Inhalte<\/strong><\/p>\n<p>Die Inhalte unserer Seiten wurden mit gr\u00f6\u00dfter Sorgfalt erstellt. F\u00fcr die Richtigkeit, Vollst\u00e4ndigkeit und Aktualit\u00e4t der Inhalte k\u00f6nnen wir jedoch keine Gew\u00e4hr \u00fcbernehmen. Als Diensteanbieter sind wir gem\u00e4\u00df \u00a7 7 Abs.1 Digitale-Dienste-Gesetz (DDG) f\u00fcr eigene Inhalte auf diesen Seiten nach den allgemeinen Gesetzen verantwortlich. Nach \u00a7\u00a7 8 bis 10 Digitale-Dienste-Gesetz (DDG) sind wir als Diensteanbieter jedoch nicht verpflichtet, \u00fcbermittelte oder gespeicherte fremde Informationen zu \u00fcberwachen oder nach Umst\u00e4nden zu forschen, die auf eine rechtswidrige T\u00e4tigkeit hinweisen. Verpflichtungen zur Entfernung oder Sperrung der Nutzung von Informationen nach den allgemeinen Gesetzen bleiben hiervon unber\u00fchrt. Eine diesbez\u00fcgliche Haftung ist jedoch erst ab dem Zeitpunkt der Kenntnis einer konkreten Rechtsverletzung m\u00f6glich. Bei Bekanntwerden von entsprechenden Rechtsverletzungen werden wir diese Inhalte umgehend entfernen.<\/p>\n<p>Hinweis und Klarstellung zu \u00a786 StGB: Das Verbreiten von Propagandamitteln verfassungswidriger Organisationen ist unter Strafe gestellt.<br \/>\nWenn hier auf Bildern oder Dokumenten Symbole verfassungswidriger Organisationen gezeigt werden, so dient dies der Wissenschaft, der Forschung oder der Lehre, der Berichterstattung \u00fcber Vorg\u00e4nge des Zeitgeschehens oder der Geschichte. Gem. Abs. 3 ist dies ausdr\u00fccklich ausgenommen.<\/p>\n<p><strong>Haftung f\u00fcr Links<\/strong><\/p>\n<p>Unser Angebot enth\u00e4lt Links zu externen Webseiten Dritter, auf deren Inhalte wir keinen Einfluss haben. Deshalb k\u00f6nnen wir f\u00fcr diese fremden Inhalte auch keine Gew\u00e4hr \u00fcbernehmen. F\u00fcr die Inhalte der verlinkten Seiten ist stets der jeweilige Anbieter oder Betreiber der Seiten verantwortlich. Die verlinkten Seiten wurden zum Zeitpunkt der Verlinkung auf m\u00f6gliche Rechtsverst\u00f6\u00dfe \u00fcberpr\u00fcft. Rechtswidrige Inhalte waren zum Zeitpunkt der Verlinkung nicht erkennbar. Eine permanente inhaltliche Kontrolle der verlinkten Seiten ist jedoch ohne konkrete Anhaltspunkte einer Rechtsverletzung nicht zumutbar. Bei Bekanntwerden von Rechtsverletzungen werden wir derartige Links umgehend entfernen.<\/p>\n<p><strong>Urheberrecht<\/strong><\/p>\n<p>Die durch die Seitenbetreiber erstellten Inhalte und Werke auf diesen Seiten unterliegen dem deutschen Urheberrecht. Die Vervielf\u00e4ltigung, Bearbeitung, Verbreitung und jede Art der Verwertung au\u00dferhalb der Grenzen des Urheberrechtes bed\u00fcrfen der schriftlichen Zustimmung des jeweiligen Autors bzw. Erstellers. Downloads und Kopien dieser Seite sind nur f\u00fcr den privaten, nicht kommerziellen Gebrauch gestattet. Soweit die Inhalte auf dieser Seite nicht vom Betreiber erstellt wurden, werden die Urheberrechte Dritter beachtet. Insbesondere werden Inhalte Dritter als solche gekennzeichnet. Sollten Sie trotzdem auf eine Urheberrechtsverletzung aufmerksam werden, bitten wir um einen entsprechenden Hinweis. Bei Bekanntwerden von Rechtsverletzungen werden wir derartige Inhalte umgehend entfernen.<\/p>\n<p><strong>Datenschutz<\/strong><\/p>\n<p>Die Nutzung unserer Webseite ist in der Regel ohne Angabe personenbezogener Daten m\u00f6glich. Soweit auf unseren Seiten personenbezogene Daten (beispielsweise Name, Anschrift oder eMail-Adressen) erhoben werden, erfolgt dies, soweit m\u00f6glich, stets auf freiwilliger Basis. Diese Daten werden ohne Ihre ausdr\u00fcckliche Zustimmung nicht an Dritte weitergegeben.<\/p>\n<p>Wir weisen darauf hin, dass die Daten\u00fcbertragung im Internet (z.B. bei der Kommunikation per E-Mail) Sicherheitsl\u00fccken aufweisen kann. Ein l\u00fcckenloser Schutz der Daten vor dem Zugriff durch Dritte ist nicht m\u00f6glich.<\/p>\n<p>Der Nutzung von im Rahmen der Impressumspflicht ver\u00f6ffentlichten Kontaktdaten durch Dritte zur \u00dcbersendung von nicht ausdr\u00fccklich angeforderter Werbung und Informationsmaterialien wird hiermit ausdr\u00fccklich widersprochen. Die Betreiber der Seiten behalten sich ausdr\u00fccklich rechtliche Schritte im Falle der unverlangten Zusendung von Werbeinformationen, etwa durch Spam-Mails, vor.<\/p>\n<p>&nbsp;<\/p>\n<p>Das Impressum dieser Homepage wurde mit dem <a href=\"http:\/\/www.impressum-generator.de\/\">Impressum Generator<\/a> der <a href=\"http:\/\/www.kanzlei-hasselbach.de\">Kanzlei Hasselbach<\/a> erstellt<\/p>\n","protected":false},"excerpt":{"rendered":"<p>Angaben gem\u00e4\u00df \u00a7 5 Digitale-Dienste-Gesetz (DDG): Bodo Kirtz Vorsitzender An Klocken Kapelle 5 59872 Meschede &nbsp; Vertreten durch: Bodo Kirtz Kontakt: Telefon: +49 171 6076356 E-Mail: 1vors@su-meschede.de Verantwortlich f\u00fcr den Inhalt nach \u00a7 55 Abs. 2 RStV: Bodo Kirtz Vorsitzender An Klocken Kapelle 5 59872 Meschede Haftungsausschluss: Haftung f\u00fcr Inhalte Die Inhalte unserer Seiten wurden &hellip; <\/p>\n","protected":false},"author":1,"featured_media":0,"parent":0,"menu_order":0,"comment_status":"closed","ping_status":"closed","template":"","meta":{"ngg_post_thumbnail":0,"footnotes":""},"class_list":["post-62","page","type-page","status-publish","hentry"],"yoast_head":"<!-- This site is optimized with the Yoast SEO plugin v27.5 - https:\/\/yoast.com\/product\/yoast-seo-wordpress\/ -->\n<title>Impressum - Senioren Union - Stadtverband Meschede<\/title>\n<meta name=\"robots\" content=\"index, follow, max-snippet:-1, max-image-preview:large, max-video-preview:-1\" \/>\n<link rel=\"canonical\" href=\"https:\/\/su-meschede.de\/willkommen\/impressum\/\" \/>\n<meta property=\"og:locale\" content=\"de_DE\" \/>\n<meta property=\"og:type\" content=\"article\" \/>\n<meta property=\"og:title\" content=\"Impressum - Senioren Union - Stadtverband Meschede\" \/>\n<meta property=\"og:description\" content=\"Angaben gem\u00e4\u00df \u00a7 5 Digitale-Dienste-Gesetz (DDG): Bodo Kirtz Vorsitzender An Klocken Kapelle 5 59872 Meschede &nbsp; Vertreten durch: Bodo Kirtz Kontakt: Telefon: +49 171 6076356 E-Mail: 1vors@su-meschede.de Verantwortlich f\u00fcr den Inhalt nach \u00a7 55 Abs. 2 RStV: Bodo Kirtz Vorsitzender An Klocken Kapelle 5 59872 Meschede Haftungsausschluss: Haftung f\u00fcr Inhalte Die Inhalte unserer Seiten wurden &hellip;\" \/>\n<meta property=\"og:url\" content=\"https:\/\/su-meschede.de\/willkommen\/impressum\/\" \/>\n<meta property=\"og:site_name\" content=\"Senioren Union - Stadtverband Meschede\" \/>\n<meta property=\"article:modified_time\" content=\"2024-05-17T07:59:36+00:00\" \/>\n<meta name=\"twitter:card\" content=\"summary_large_image\" \/>\n<meta name=\"twitter:label1\" content=\"Gesch\u00e4tzte Lesezeit\" \/>\n\t<meta name=\"twitter:data1\" content=\"4\u00a0Minuten\" \/>\n<script type=\"application\/ld+json\" class=\"yoast-schema-graph\">{\"@context\":\"https:\\\/\\\/schema.org\",\"@graph\":[{\"@type\":\"WebPage\",\"@id\":\"https:\\\/\\\/su-meschede.de\\\/willkommen\\\/impressum\\\/\",\"url\":\"https:\\\/\\\/su-meschede.de\\\/willkommen\\\/impressum\\\/\",\"name\":\"Impressum - Senioren Union - Stadtverband Meschede\",\"isPartOf\":{\"@id\":\"https:\\\/\\\/su-meschede.de\\\/willkommen\\\/#website\"},\"datePublished\":\"2022-08-30T11:48:41+00:00\",\"dateModified\":\"2024-05-17T07:59:36+00:00\",\"breadcrumb\":{\"@id\":\"https:\\\/\\\/su-meschede.de\\\/willkommen\\\/impressum\\\/#breadcrumb\"},\"inLanguage\":\"de\",\"potentialAction\":[{\"@type\":\"ReadAction\",\"target\":[\"https:\\\/\\\/su-meschede.de\\\/willkommen\\\/impressum\\\/\"]}]},{\"@type\":\"BreadcrumbList\",\"@id\":\"https:\\\/\\\/su-meschede.de\\\/willkommen\\\/impressum\\\/#breadcrumb\",\"itemListElement\":[{\"@type\":\"ListItem\",\"position\":1,\"name\":\"Startseite\",\"item\":\"https:\\\/\\\/su-meschede.de\\\/willkommen\\\/\"},{\"@type\":\"ListItem\",\"position\":2,\"name\":\"Impressum\"}]},{\"@type\":\"WebSite\",\"@id\":\"https:\\\/\\\/su-meschede.de\\\/willkommen\\\/#website\",\"url\":\"https:\\\/\\\/su-meschede.de\\\/willkommen\\\/\",\"name\":\"Senioren Union - Stadtverband Meschede\",\"description\":\"Politik f\u00fcr die \u00e4ltere Generation\",\"publisher\":{\"@id\":\"https:\\\/\\\/su-meschede.de\\\/willkommen\\\/#organization\"},\"alternateName\":\"Senioren-Union Meschede\",\"potentialAction\":[{\"@type\":\"SearchAction\",\"target\":{\"@type\":\"EntryPoint\",\"urlTemplate\":\"https:\\\/\\\/su-meschede.de\\\/willkommen\\\/?s={search_term_string}\"},\"query-input\":{\"@type\":\"PropertyValueSpecification\",\"valueRequired\":true,\"valueName\":\"search_term_string\"}}],\"inLanguage\":\"de\"},{\"@type\":\"Organization\",\"@id\":\"https:\\\/\\\/su-meschede.de\\\/willkommen\\\/#organization\",\"name\":\"Senioren Union - Stadtverband Meschede\",\"alternateName\":\"Senioren-Union Meschede\",\"url\":\"https:\\\/\\\/su-meschede.de\\\/willkommen\\\/\",\"logo\":{\"@type\":\"ImageObject\",\"inLanguage\":\"de\",\"@id\":\"https:\\\/\\\/su-meschede.de\\\/willkommen\\\/#\\\/schema\\\/logo\\\/image\\\/\",\"url\":\"https:\\\/\\\/su-meschede.de\\\/wp-content\\\/uploads\\\/2023\\\/09\\\/Senioren-Union-LOGO-2023-72dpi-1.jpg\",\"contentUrl\":\"https:\\\/\\\/su-meschede.de\\\/wp-content\\\/uploads\\\/2023\\\/09\\\/Senioren-Union-LOGO-2023-72dpi-1.jpg\",\"width\":666,\"height\":265,\"caption\":\"Senioren Union - Stadtverband Meschede\"},\"image\":{\"@id\":\"https:\\\/\\\/su-meschede.de\\\/willkommen\\\/#\\\/schema\\\/logo\\\/image\\\/\"}}]}<\/script>\n<!-- \/ Yoast SEO plugin. -->","yoast_head_json":{"title":"Impressum - Senioren Union - Stadtverband Meschede","robots":{"index":"index","follow":"follow","max-snippet":"max-snippet:-1","max-image-preview":"max-image-preview:large","max-video-preview":"max-video-preview:-1"},"canonical":"https:\/\/su-meschede.de\/willkommen\/impressum\/","og_locale":"de_DE","og_type":"article","og_title":"Impressum - Senioren Union - Stadtverband Meschede","og_description":"Angaben gem\u00e4\u00df \u00a7 5 Digitale-Dienste-Gesetz (DDG): Bodo Kirtz Vorsitzender An Klocken Kapelle 5 59872 Meschede &nbsp; Vertreten durch: Bodo Kirtz Kontakt: Telefon: +49 171 6076356 E-Mail: 1vors@su-meschede.de Verantwortlich f\u00fcr den Inhalt nach \u00a7 55 Abs. 2 RStV: Bodo Kirtz Vorsitzender An Klocken Kapelle 5 59872 Meschede Haftungsausschluss: Haftung f\u00fcr Inhalte Die Inhalte unserer Seiten wurden &hellip;","og_url":"https:\/\/su-meschede.de\/willkommen\/impressum\/","og_site_name":"Senioren Union - Stadtverband Meschede","article_modified_time":"2024-05-17T07:59:36+00:00","twitter_card":"summary_large_image","twitter_misc":{"Gesch\u00e4tzte Lesezeit":"4\u00a0Minuten"},"schema":{"@context":"https:\/\/schema.org","@graph":[{"@type":"WebPage","@id":"https:\/\/su-meschede.de\/willkommen\/impressum\/","url":"https:\/\/su-meschede.de\/willkommen\/impressum\/","name":"Impressum - Senioren Union - Stadtverband Meschede","isPartOf":{"@id":"https:\/\/su-meschede.de\/willkommen\/#website"},"datePublished":"2022-08-30T11:48:41+00:00","dateModified":"2024-05-17T07:59:36+00:00","breadcrumb":{"@id":"https:\/\/su-meschede.de\/willkommen\/impressum\/#breadcrumb"},"inLanguage":"de","potentialAction":[{"@type":"ReadAction","target":["https:\/\/su-meschede.de\/willkommen\/impressum\/"]}]},{"@type":"BreadcrumbList","@id":"https:\/\/su-meschede.de\/willkommen\/impressum\/#breadcrumb","itemListElement":[{"@type":"ListItem","position":1,"name":"Startseite","item":"https:\/\/su-meschede.de\/willkommen\/"},{"@type":"ListItem","position":2,"name":"Impressum"}]},{"@type":"WebSite","@id":"https:\/\/su-meschede.de\/willkommen\/#website","url":"https:\/\/su-meschede.de\/willkommen\/","name":"Senioren Union - Stadtverband Meschede","description":"Politik f\u00fcr die \u00e4ltere Generation","publisher":{"@id":"https:\/\/su-meschede.de\/willkommen\/#organization"},"alternateName":"Senioren-Union Meschede","potentialAction":[{"@type":"SearchAction","target":{"@type":"EntryPoint","urlTemplate":"https:\/\/su-meschede.de\/willkommen\/?s={search_term_string}"},"query-input":{"@type":"PropertyValueSpecification","valueRequired":true,"valueName":"search_term_string"}}],"inLanguage":"de"},{"@type":"Organization","@id":"https:\/\/su-meschede.de\/willkommen\/#organization","name":"Senioren Union - Stadtverband Meschede","alternateName":"Senioren-Union Meschede","url":"https:\/\/su-meschede.de\/willkommen\/","logo":{"@type":"ImageObject","inLanguage":"de","@id":"https:\/\/su-meschede.de\/willkommen\/#\/schema\/logo\/image\/","url":"https:\/\/su-meschede.de\/wp-content\/uploads\/2023\/09\/Senioren-Union-LOGO-2023-72dpi-1.jpg","contentUrl":"https:\/\/su-meschede.de\/wp-content\/uploads\/2023\/09\/Senioren-Union-LOGO-2023-72dpi-1.jpg","width":666,"height":265,"caption":"Senioren Union - Stadtverband Meschede"},"image":{"@id":"https:\/\/su-meschede.de\/willkommen\/#\/schema\/logo\/image\/"}}]}},"_links":{"self":[{"href":"https:\/\/su-meschede.de\/willkommen\/wp-json\/wp\/v2\/pages\/62","targetHints":{"allow":["GET"]}}],"collection":[{"href":"https:\/\/su-meschede.de\/willkommen\/wp-json\/wp\/v2\/pages"}],"about":[{"href":"https:\/\/su-meschede.de\/willkommen\/wp-json\/wp\/v2\/types\/page"}],"author":[{"embeddable":true,"href":"https:\/\/su-meschede.de\/willkommen\/wp-json\/wp\/v2\/users\/1"}],"replies":[{"embeddable":true,"href":"https:\/\/su-meschede.de\/willkommen\/wp-json\/wp\/v2\/comments?post=62"}],"version-history":[{"count":4,"href":"https:\/\/su-meschede.de\/willkommen\/wp-json\/wp\/v2\/pages\/62\/revisions"}],"predecessor-version":[{"id":588,"href":"https:\/\/su-meschede.de\/willkommen\/wp-json\/wp\/v2\/pages\/62\/revisions\/588"}],"wp:attachment":[{"href":"https:\/\/su-meschede.de\/willkommen\/wp-json\/wp\/v2\/media?parent=62"}],"curies":[{"name":"wp","href":"https:\/\/api.w.org\/{rel}","templated":true}]}}